{"id":1276,"date":"2020-11-12T10:34:09","date_gmt":"2020-11-12T09:34:09","guid":{"rendered":"http:\/\/beatricesornicle-architecte.fr\/?page_id=1276"},"modified":"2020-11-26T21:04:15","modified_gmt":"2020-11-26T20:04:15","slug":"realisations","status":"publish","type":"page","link":"https:\/\/beatricesornicle-architecte.fr\/?page_id=1276","title":{"rendered":"R\u00e9alisations"},"content":{"rendered":"\t\t<div data-elementor-type=\"wp-page\" data-elementor-id=\"1276\" class=\"elementor elementor-1276\" data-elementor-settings=\"[]\">\n\t\t\t\t\t\t<div class=\"elementor-inner\">\n\t\t\t\t\t\t\t<div class=\"elementor-section-wrap\">\n\t\t\t\t\t\t\t<section class=\"elementor-section elementor-top-section elementor-element elementor-element-634ad97 elementor-section-boxed elementor-section-height-default elementor-section-height-default\" data-id=\"634ad97\" data-element_type=\"section\">\n\t\t\t\t\t\t<div class=\"elementor-container elementor-column-gap-default\">\n\t\t\t\t\t\t\t<div class=\"elementor-row\">\n\t\t\t\t\t<div class=\"elementor-column elementor-col-50 elementor-top-column elementor-element elementor-element-479516b\" data-id=\"479516b\" data-element_type=\"column\">\n\t\t\t<div class=\"elementor-column-wrap elementor-element-populated\">\n\t\t\t\t\t\t\t<div class=\"elementor-widget-wrap\">\n\t\t\t\t\t\t<div class=\"elementor-element elementor-element-f7de78a elementor-widget elementor-widget-image\" data-id=\"f7de78a\" data-element_type=\"widget\" data-widget_type=\"image.default\">\n\t\t\t\t<div class=\"elementor-widget-container\">\n\t\t\t\t\t<div class=\"elementor-image\">\n\t\t\t\t\t\t\t<figure class=\"wp-caption\">\n\t\t\t\t\t\t\t\t\t\t\t<a href=\"http:\/\/beatricesornicle-architecte.fr\/wp-content\/uploads\/2020\/11\/Chalet-Les-Blanchettes.jpg\" data-elementor-open-lightbox=\"yes\" data-elementor-lightbox-title=\"Chalet-Les-Blanchettes\">\n\t\t\t\t\t\t\t<img width=\"800\" height=\"534\" src=\"https:\/\/beatricesornicle-architecte.fr\/wp-content\/uploads\/2020\/11\/Chalet-Les-Blanchettes-1024x683.jpg\" class=\"attachment-large size-large\" alt=\"\" loading=\"lazy\" srcset=\"https:\/\/beatricesornicle-architecte.fr\/wp-content\/uploads\/2020\/11\/Chalet-Les-Blanchettes-1024x683.jpg 1024w, https:\/\/beatricesornicle-architecte.fr\/wp-content\/uploads\/2020\/11\/Chalet-Les-Blanchettes-300x200.jpg 300w, https:\/\/beatricesornicle-architecte.fr\/wp-content\/uploads\/2020\/11\/Chalet-Les-Blanchettes-768x512.jpg 768w, https:\/\/beatricesornicle-architecte.fr\/wp-content\/uploads\/2020\/11\/Chalet-Les-Blanchettes-1536x1024.jpg 1536w, https:\/\/beatricesornicle-architecte.fr\/wp-content\/uploads\/2020\/11\/Chalet-Les-Blanchettes-2048x1365.jpg 2048w\" sizes=\"(max-width: 800px) 100vw, 800px\" \/>\t\t\t\t\t\t\t\t<\/a>\n\t\t\t\t\t\t\t\t\t\t\t<figcaption class=\"widget-image-caption wp-caption-text\">Chalet Les Blanchettes - Val d'Is\u00e8re<\/figcaption>\n\t\t\t\t\t\t\t\t\t\t<\/figure>\n\t\t\t\t\t<\/div>\n\t\t\t\t<\/div>\n\t\t\t\t<\/div>\n\t\t\t\t\t\t<\/div>\n\t\t\t\t\t<\/div>\n\t\t<\/div>\n\t\t\t\t<div class=\"elementor-column elementor-col-50 elementor-top-column elementor-element elementor-element-a62b009\" data-id=\"a62b009\" data-element_type=\"column\">\n\t\t\t<div class=\"elementor-column-wrap elementor-element-populated\">\n\t\t\t\t\t\t\t<div class=\"elementor-widget-wrap\">\n\t\t\t\t\t\t<div class=\"elementor-element elementor-element-c92399f elementor-widget elementor-widget-image\" data-id=\"c92399f\" data-element_type=\"widget\" data-widget_type=\"image.default\">\n\t\t\t\t<div class=\"elementor-widget-container\">\n\t\t\t\t\t<div class=\"elementor-image\">\n\t\t\t\t\t\t\t<figure class=\"wp-caption\">\n\t\t\t\t\t\t\t\t\t\t\t<a href=\"http:\/\/beatricesornicle-architecte.fr\/wp-content\/uploads\/2020\/11\/Saint-Badolph.jpg\" data-elementor-open-lightbox=\"yes\" data-elementor-lightbox-title=\"Saint-Badolph\">\n\t\t\t\t\t\t\t<img width=\"800\" height=\"534\" src=\"https:\/\/beatricesornicle-architecte.fr\/wp-content\/uploads\/2020\/11\/Saint-Badolph-1024x683.jpg\" class=\"attachment-large size-large\" alt=\"\" loading=\"lazy\" srcset=\"https:\/\/beatricesornicle-architecte.fr\/wp-content\/uploads\/2020\/11\/Saint-Badolph-1024x683.jpg 1024w, https:\/\/beatricesornicle-architecte.fr\/wp-content\/uploads\/2020\/11\/Saint-Badolph-300x200.jpg 300w, https:\/\/beatricesornicle-architecte.fr\/wp-content\/uploads\/2020\/11\/Saint-Badolph-768x512.jpg 768w, https:\/\/beatricesornicle-architecte.fr\/wp-content\/uploads\/2020\/11\/Saint-Badolph-1536x1024.jpg 1536w, https:\/\/beatricesornicle-architecte.fr\/wp-content\/uploads\/2020\/11\/Saint-Badolph-2048x1365.jpg 2048w\" sizes=\"(max-width: 800px) 100vw, 800px\" \/>\t\t\t\t\t\t\t\t<\/a>\n\t\t\t\t\t\t\t\t\t\t\t<figcaption class=\"widget-image-caption wp-caption-text\">Saint Baldoph<\/figcaption>\n\t\t\t\t\t\t\t\t\t\t<\/figure>\n\t\t\t\t\t<\/div>\n\t\t\t\t<\/div>\n\t\t\t\t<\/div>\n\t\t\t\t\t\t<\/div>\n\t\t\t\t\t<\/div>\n\t\t<\/div>\n\t\t\t\t\t\t\t\t<\/div>\n\t\t\t\t\t<\/div>\n\t\t<\/section>\n\t\t\t\t<section class=\"elementor-section elementor-top-section elementor-element elementor-element-cdc21f8 elementor-section-boxed elementor-section-height-default elementor-section-height-default\" data-id=\"cdc21f8\" data-element_type=\"section\">\n\t\t\t\t\t\t<div class=\"elementor-container elementor-column-gap-default\">\n\t\t\t\t\t\t\t<div class=\"elementor-row\">\n\t\t\t\t\t<div class=\"elementor-column elementor-col-50 elementor-top-column elementor-element elementor-element-832423f\" data-id=\"832423f\" data-element_type=\"column\">\n\t\t\t<div class=\"elementor-column-wrap elementor-element-populated\">\n\t\t\t\t\t\t\t<div class=\"elementor-widget-wrap\">\n\t\t\t\t\t\t<div class=\"elementor-element elementor-element-69026a4 elementor-widget elementor-widget-image\" data-id=\"69026a4\" data-element_type=\"widget\" data-widget_type=\"image.default\">\n\t\t\t\t<div class=\"elementor-widget-container\">\n\t\t\t\t\t<div class=\"elementor-image\">\n\t\t\t\t\t\t\t<figure class=\"wp-caption\">\n\t\t\t\t\t\t\t\t\t\t\t<a href=\"http:\/\/beatricesornicle-architecte.fr\/wp-content\/uploads\/2020\/11\/Extension-Ecole-Ski-Val-dIsere.jpg\" data-elementor-open-lightbox=\"yes\" data-elementor-lightbox-title=\"Extension-Ecole-Ski-Val-dIsere\">\n\t\t\t\t\t\t\t<img width=\"800\" height=\"534\" src=\"https:\/\/beatricesornicle-architecte.fr\/wp-content\/uploads\/2020\/11\/Extension-Ecole-Ski-Val-dIsere-1024x683.jpg\" class=\"attachment-large size-large\" alt=\"\" loading=\"lazy\" srcset=\"https:\/\/beatricesornicle-architecte.fr\/wp-content\/uploads\/2020\/11\/Extension-Ecole-Ski-Val-dIsere-1024x683.jpg 1024w, https:\/\/beatricesornicle-architecte.fr\/wp-content\/uploads\/2020\/11\/Extension-Ecole-Ski-Val-dIsere-300x200.jpg 300w, https:\/\/beatricesornicle-architecte.fr\/wp-content\/uploads\/2020\/11\/Extension-Ecole-Ski-Val-dIsere-768x512.jpg 768w, https:\/\/beatricesornicle-architecte.fr\/wp-content\/uploads\/2020\/11\/Extension-Ecole-Ski-Val-dIsere-1536x1024.jpg 1536w, https:\/\/beatricesornicle-architecte.fr\/wp-content\/uploads\/2020\/11\/Extension-Ecole-Ski-Val-dIsere-2048x1365.jpg 2048w\" sizes=\"(max-width: 800px) 100vw, 800px\" \/>\t\t\t\t\t\t\t\t<\/a>\n\t\t\t\t\t\t\t\t\t\t\t<figcaption class=\"widget-image-caption wp-caption-text\">Extension de l'\u00e9cole de ski - Val d'Is\u00e8re<\/figcaption>\n\t\t\t\t\t\t\t\t\t\t<\/figure>\n\t\t\t\t\t<\/div>\n\t\t\t\t<\/div>\n\t\t\t\t<\/div>\n\t\t\t\t\t\t<\/div>\n\t\t\t\t\t<\/div>\n\t\t<\/div>\n\t\t\t\t<div class=\"elementor-column elementor-col-50 elementor-top-column elementor-element elementor-element-ea33bd1\" data-id=\"ea33bd1\" data-element_type=\"column\">\n\t\t\t<div class=\"elementor-column-wrap elementor-element-populated\">\n\t\t\t\t\t\t\t<div class=\"elementor-widget-wrap\">\n\t\t\t\t\t\t<div class=\"elementor-element elementor-element-0bb3f22 elementor-widget elementor-widget-image\" data-id=\"0bb3f22\" data-element_type=\"widget\" data-widget_type=\"image.default\">\n\t\t\t\t<div class=\"elementor-widget-container\">\n\t\t\t\t\t<div class=\"elementor-image\">\n\t\t\t\t\t\t\t<figure class=\"wp-caption\">\n\t\t\t\t\t\t\t\t\t\t\t<a href=\"http:\/\/beatricesornicle-architecte.fr\/wp-content\/uploads\/2020\/11\/Le-Fornet-Val-dIsere.jpg\" data-elementor-open-lightbox=\"yes\" data-elementor-lightbox-title=\"Le-Fornet-Val-dIsere\">\n\t\t\t\t\t\t\t<img width=\"800\" height=\"534\" src=\"https:\/\/beatricesornicle-architecte.fr\/wp-content\/uploads\/2020\/11\/Le-Fornet-Val-dIsere-1024x683.jpg\" class=\"attachment-large size-large\" alt=\"\" loading=\"lazy\" srcset=\"https:\/\/beatricesornicle-architecte.fr\/wp-content\/uploads\/2020\/11\/Le-Fornet-Val-dIsere-1024x683.jpg 1024w, https:\/\/beatricesornicle-architecte.fr\/wp-content\/uploads\/2020\/11\/Le-Fornet-Val-dIsere-300x200.jpg 300w, https:\/\/beatricesornicle-architecte.fr\/wp-content\/uploads\/2020\/11\/Le-Fornet-Val-dIsere-768x512.jpg 768w, https:\/\/beatricesornicle-architecte.fr\/wp-content\/uploads\/2020\/11\/Le-Fornet-Val-dIsere-1536x1024.jpg 1536w, https:\/\/beatricesornicle-architecte.fr\/wp-content\/uploads\/2020\/11\/Le-Fornet-Val-dIsere-2048x1365.jpg 2048w\" sizes=\"(max-width: 800px) 100vw, 800px\" \/>\t\t\t\t\t\t\t\t<\/a>\n\t\t\t\t\t\t\t\t\t\t\t<figcaption class=\"widget-image-caption wp-caption-text\">Maison Le Raffour - Transformation d'une \u00e9cole en chalet    - Val d'Is\u00e8re<\/figcaption>\n\t\t\t\t\t\t\t\t\t\t<\/figure>\n\t\t\t\t\t<\/div>\n\t\t\t\t<\/div>\n\t\t\t\t<\/div>\n\t\t\t\t\t\t<\/div>\n\t\t\t\t\t<\/div>\n\t\t<\/div>\n\t\t\t\t\t\t\t\t<\/div>\n\t\t\t\t\t<\/div>\n\t\t<\/section>\n\t\t\t\t<section class=\"elementor-section elementor-top-section elementor-element elementor-element-b164c9f elementor-section-boxed elementor-section-height-default elementor-section-height-default\" data-id=\"b164c9f\" data-element_type=\"section\">\n\t\t\t\t\t\t<div class=\"elementor-container elementor-column-gap-default\">\n\t\t\t\t\t\t\t<div class=\"elementor-row\">\n\t\t\t\t\t<div class=\"elementor-column elementor-col-50 elementor-top-column elementor-element elementor-element-85c04ba\" data-id=\"85c04ba\" data-element_type=\"column\">\n\t\t\t<div class=\"elementor-column-wrap elementor-element-populated\">\n\t\t\t\t\t\t\t<div class=\"elementor-widget-wrap\">\n\t\t\t\t\t\t<div class=\"elementor-element elementor-element-ea86950 elementor-widget elementor-widget-image\" data-id=\"ea86950\" data-element_type=\"widget\" data-widget_type=\"image.default\">\n\t\t\t\t<div class=\"elementor-widget-container\">\n\t\t\t\t\t<div class=\"elementor-image\">\n\t\t\t\t\t\t\t<figure class=\"wp-caption\">\n\t\t\t\t\t\t\t\t\t\t\t<a href=\"http:\/\/beatricesornicle-architecte.fr\/wp-content\/uploads\/2020\/11\/Le-Rogoney.jpg\" data-elementor-open-lightbox=\"yes\" data-elementor-lightbox-title=\"Le-Rogoney\">\n\t\t\t\t\t\t\t<img width=\"800\" height=\"534\" src=\"https:\/\/beatricesornicle-architecte.fr\/wp-content\/uploads\/2020\/11\/Le-Rogoney-1024x683.jpg\" class=\"attachment-large size-large\" alt=\"\" loading=\"lazy\" srcset=\"https:\/\/beatricesornicle-architecte.fr\/wp-content\/uploads\/2020\/11\/Le-Rogoney-1024x683.jpg 1024w, https:\/\/beatricesornicle-architecte.fr\/wp-content\/uploads\/2020\/11\/Le-Rogoney-300x200.jpg 300w, https:\/\/beatricesornicle-architecte.fr\/wp-content\/uploads\/2020\/11\/Le-Rogoney-768x512.jpg 768w, https:\/\/beatricesornicle-architecte.fr\/wp-content\/uploads\/2020\/11\/Le-Rogoney-1536x1024.jpg 1536w, https:\/\/beatricesornicle-architecte.fr\/wp-content\/uploads\/2020\/11\/Le-Rogoney-2048x1365.jpg 2048w\" sizes=\"(max-width: 800px) 100vw, 800px\" \/>\t\t\t\t\t\t\t\t<\/a>\n\t\t\t\t\t\t\t\t\t\t\t<figcaption class=\"widget-image-caption wp-caption-text\">Le Rogoney<\/figcaption>\n\t\t\t\t\t\t\t\t\t\t<\/figure>\n\t\t\t\t\t<\/div>\n\t\t\t\t<\/div>\n\t\t\t\t<\/div>\n\t\t\t\t\t\t<\/div>\n\t\t\t\t\t<\/div>\n\t\t<\/div>\n\t\t\t\t<div class=\"elementor-column elementor-col-50 elementor-top-column elementor-element elementor-element-cd9bf17\" data-id=\"cd9bf17\" data-element_type=\"column\">\n\t\t\t<div class=\"elementor-column-wrap elementor-element-populated\">\n\t\t\t\t\t\t\t<div class=\"elementor-widget-wrap\">\n\t\t\t\t\t\t<div class=\"elementor-element elementor-element-54315ad elementor-widget elementor-widget-image\" data-id=\"54315ad\" data-element_type=\"widget\" data-widget_type=\"image.default\">\n\t\t\t\t<div class=\"elementor-widget-container\">\n\t\t\t\t\t<div class=\"elementor-image\">\n\t\t\t\t\t\t\t<figure class=\"wp-caption\">\n\t\t\t\t\t\t\t\t\t\t\t<a href=\"http:\/\/beatricesornicle-architecte.fr\/wp-content\/uploads\/2020\/11\/Le-Loup-Blanc-Val-dIsere.jpg\" data-elementor-open-lightbox=\"yes\" data-elementor-lightbox-title=\"Le-Loup-Blanc-Val-dIsere\">\n\t\t\t\t\t\t\t<img width=\"800\" height=\"534\" src=\"https:\/\/beatricesornicle-architecte.fr\/wp-content\/uploads\/2020\/11\/Le-Loup-Blanc-Val-dIsere-1024x683.jpg\" class=\"attachment-large size-large\" alt=\"\" loading=\"lazy\" srcset=\"https:\/\/beatricesornicle-architecte.fr\/wp-content\/uploads\/2020\/11\/Le-Loup-Blanc-Val-dIsere-1024x683.jpg 1024w, https:\/\/beatricesornicle-architecte.fr\/wp-content\/uploads\/2020\/11\/Le-Loup-Blanc-Val-dIsere-300x200.jpg 300w, https:\/\/beatricesornicle-architecte.fr\/wp-content\/uploads\/2020\/11\/Le-Loup-Blanc-Val-dIsere-768x512.jpg 768w, https:\/\/beatricesornicle-architecte.fr\/wp-content\/uploads\/2020\/11\/Le-Loup-Blanc-Val-dIsere-1536x1024.jpg 1536w, https:\/\/beatricesornicle-architecte.fr\/wp-content\/uploads\/2020\/11\/Le-Loup-Blanc-Val-dIsere-2048x1365.jpg 2048w\" sizes=\"(max-width: 800px) 100vw, 800px\" \/>\t\t\t\t\t\t\t\t<\/a>\n\t\t\t\t\t\t\t\t\t\t\t<figcaption class=\"widget-image-caption wp-caption-text\">R\u00e9sidence Le Loup Blanc - Val d'Is\u00e8re<\/figcaption>\n\t\t\t\t\t\t\t\t\t\t<\/figure>\n\t\t\t\t\t<\/div>\n\t\t\t\t<\/div>\n\t\t\t\t<\/div>\n\t\t\t\t\t\t<\/div>\n\t\t\t\t\t<\/div>\n\t\t<\/div>\n\t\t\t\t\t\t\t\t<\/div>\n\t\t\t\t\t<\/div>\n\t\t<\/section>\n\t\t\t\t<section class=\"elementor-section elementor-top-section elementor-element elementor-element-37ac267 elementor-section-boxed elementor-section-height-default elementor-section-height-default\" data-id=\"37ac267\" data-element_type=\"section\">\n\t\t\t\t\t\t<div class=\"elementor-container elementor-column-gap-default\">\n\t\t\t\t\t\t\t<div class=\"elementor-row\">\n\t\t\t\t\t<div class=\"elementor-column elementor-col-50 elementor-top-column elementor-element elementor-element-931899f\" data-id=\"931899f\" data-element_type=\"column\">\n\t\t\t<div class=\"elementor-column-wrap elementor-element-populated\">\n\t\t\t\t\t\t\t<div class=\"elementor-widget-wrap\">\n\t\t\t\t\t\t<div class=\"elementor-element elementor-element-023045d elementor-widget elementor-widget-image\" data-id=\"023045d\" data-element_type=\"widget\" data-widget_type=\"image.default\">\n\t\t\t\t<div class=\"elementor-widget-container\">\n\t\t\t\t\t<div class=\"elementor-image\">\n\t\t\t\t\t\t\t<figure class=\"wp-caption\">\n\t\t\t\t\t\t\t\t\t\t\t<a href=\"http:\/\/beatricesornicle-architecte.fr\/wp-content\/uploads\/2020\/11\/Saint-Badolph-Ferme-eglise.jpg\" data-elementor-open-lightbox=\"yes\" data-elementor-lightbox-title=\"Saint Badolph Ferme eglise\">\n\t\t\t\t\t\t\t<img width=\"800\" height=\"534\" src=\"https:\/\/beatricesornicle-architecte.fr\/wp-content\/uploads\/2020\/11\/Saint-Badolph-Ferme-eglise-1024x683.jpg\" class=\"attachment-large size-large\" alt=\"\" loading=\"lazy\" srcset=\"https:\/\/beatricesornicle-architecte.fr\/wp-content\/uploads\/2020\/11\/Saint-Badolph-Ferme-eglise-1024x683.jpg 1024w, https:\/\/beatricesornicle-architecte.fr\/wp-content\/uploads\/2020\/11\/Saint-Badolph-Ferme-eglise-300x200.jpg 300w, https:\/\/beatricesornicle-architecte.fr\/wp-content\/uploads\/2020\/11\/Saint-Badolph-Ferme-eglise-768x512.jpg 768w, https:\/\/beatricesornicle-architecte.fr\/wp-content\/uploads\/2020\/11\/Saint-Badolph-Ferme-eglise-1536x1024.jpg 1536w, https:\/\/beatricesornicle-architecte.fr\/wp-content\/uploads\/2020\/11\/Saint-Badolph-Ferme-eglise-2048x1365.jpg 2048w\" sizes=\"(max-width: 800px) 100vw, 800px\" \/>\t\t\t\t\t\t\t\t<\/a>\n\t\t\t\t\t\t\t\t\t\t\t<figcaption class=\"widget-image-caption wp-caption-text\">Transformation d\u2019une ferme en \u00e9glise - Saint Baldoph<\/figcaption>\n\t\t\t\t\t\t\t\t\t\t<\/figure>\n\t\t\t\t\t<\/div>\n\t\t\t\t<\/div>\n\t\t\t\t<\/div>\n\t\t\t\t\t\t<\/div>\n\t\t\t\t\t<\/div>\n\t\t<\/div>\n\t\t\t\t<div class=\"elementor-column elementor-col-50 elementor-top-column elementor-element elementor-element-967fb52\" data-id=\"967fb52\" data-element_type=\"column\">\n\t\t\t<div class=\"elementor-column-wrap elementor-element-populated\">\n\t\t\t\t\t\t\t<div class=\"elementor-widget-wrap\">\n\t\t\t\t\t\t<div class=\"elementor-element elementor-element-b3a464c elementor-widget elementor-widget-image\" data-id=\"b3a464c\" data-element_type=\"widget\" data-widget_type=\"image.default\">\n\t\t\t\t<div class=\"elementor-widget-container\">\n\t\t\t\t\t<div class=\"elementor-image\">\n\t\t\t\t\t\t\t<figure class=\"wp-caption\">\n\t\t\t\t\t\t\t\t\t\t\t<a href=\"http:\/\/beatricesornicle-architecte.fr\/wp-content\/uploads\/2020\/11\/Chalet-Tignes.jpg\" data-elementor-open-lightbox=\"yes\" data-elementor-lightbox-title=\"Chalet Tignes\">\n\t\t\t\t\t\t\t<img width=\"800\" height=\"534\" src=\"https:\/\/beatricesornicle-architecte.fr\/wp-content\/uploads\/2020\/11\/Chalet-Tignes-1024x683.jpg\" class=\"attachment-large size-large\" alt=\"\" loading=\"lazy\" srcset=\"https:\/\/beatricesornicle-architecte.fr\/wp-content\/uploads\/2020\/11\/Chalet-Tignes-1024x683.jpg 1024w, https:\/\/beatricesornicle-architecte.fr\/wp-content\/uploads\/2020\/11\/Chalet-Tignes-300x200.jpg 300w, https:\/\/beatricesornicle-architecte.fr\/wp-content\/uploads\/2020\/11\/Chalet-Tignes-768x512.jpg 768w, https:\/\/beatricesornicle-architecte.fr\/wp-content\/uploads\/2020\/11\/Chalet-Tignes-1536x1024.jpg 1536w, https:\/\/beatricesornicle-architecte.fr\/wp-content\/uploads\/2020\/11\/Chalet-Tignes-2048x1365.jpg 2048w\" sizes=\"(max-width: 800px) 100vw, 800px\" \/>\t\t\t\t\t\t\t\t<\/a>\n\t\t\t\t\t\t\t\t\t\t\t<figcaption class=\"widget-image-caption wp-caption-text\">Transformation d'un chalet \u00e0 Tignes<\/figcaption>\n\t\t\t\t\t\t\t\t\t\t<\/figure>\n\t\t\t\t\t<\/div>\n\t\t\t\t<\/div>\n\t\t\t\t<\/div>\n\t\t\t\t\t\t<\/div>\n\t\t\t\t\t<\/div>\n\t\t<\/div>\n\t\t\t\t\t\t\t\t<\/div>\n\t\t\t\t\t<\/div>\n\t\t<\/section>\n\t\t\t\t\t\t<\/div>\n\t\t\t\t\t\t<\/div>\n\t\t\t\t\t<\/div>\n\t\t","protected":false},"excerpt":{"rendered":"<p>Chalet Les Blanchettes &#8211; Val d&#8217;Is\u00e8re Saint Baldoph Extension de l&#8217;\u00e9cole de ski &#8211; Val d&#8217;Is\u00e8re Maison Le Raffour &#8211; Transformation d&#8217;une \u00e9cole en chalet [&#8230;]<\/p>\n","protected":false},"author":1,"featured_media":0,"parent":0,"menu_order":0,"comment_status":"closed","ping_status":"closed","template":"","meta":[],"_links":{"self":[{"href":"https:\/\/beatricesornicle-architecte.fr\/index.php?rest_route=\/wp\/v2\/pages\/1276"}],"collection":[{"href":"https:\/\/beatricesornicle-architecte.fr\/index.php?rest_route=\/wp\/v2\/pages"}],"about":[{"href":"https:\/\/beatricesornicle-architecte.fr\/index.php?rest_route=\/wp\/v2\/types\/page"}],"author":[{"embeddable":true,"href":"https:\/\/beatricesornicle-architecte.fr\/index.php?rest_route=\/wp\/v2\/users\/1"}],"replies":[{"embeddable":true,"href":"https:\/\/beatricesornicle-architecte.fr\/index.php?rest_route=%2Fwp%2Fv2%2Fcomments&post=1276"}],"version-history":[{"count":38,"href":"https:\/\/beatricesornicle-architecte.fr\/index.php?rest_route=\/wp\/v2\/pages\/1276\/revisions"}],"predecessor-version":[{"id":1411,"href":"https:\/\/beatricesornicle-architecte.fr\/index.php?rest_route=\/wp\/v2\/pages\/1276\/revisions\/1411"}],"wp:attachment":[{"href":"https:\/\/beatricesornicle-architecte.fr\/index.php?rest_route=%2Fwp%2Fv2%2Fmedia&parent=1276"}],"curies":[{"name":"wp","href":"https:\/\/api.w.org\/{rel}","templated":true}]}}