{"id":26,"date":"2020-11-09T12:48:53","date_gmt":"2020-11-09T11:48:53","guid":{"rendered":"http:\/\/beatricesornicle-architecte.fr\/?page_id=26"},"modified":"2020-11-20T13:42:26","modified_gmt":"2020-11-20T12:42:26","slug":"beatrice-sornicle","status":"publish","type":"page","link":"https:\/\/beatricesornicle-architecte.fr\/","title":{"rendered":"B\u00e9atrice Sornicle"},"content":{"rendered":"\n<div class=\"wp-block-image\"><figure class=\"alignleft\"><img src=\"http:\/\/beatricesornicle-architecte.fr\/wp-content\/uploads\/2020\/11\/beatricephoto.jpg\" alt=\"\"\/><figcaption>B\u00e9atrice SORNICLE<\/figcaption><\/figure><\/div>\n\n\n\n<div class=\"wp-block-group\"><div class=\"wp-block-group__inner-container\">\n<p class=\"has-text-align-left\"><p class=\"has-text-align-justify\"><strong>Architecte passionn\u00e9e depuis pr\u00e8s de 20 ans, B\u00e9atrice SORNICLE oeuvre en tant qu\u2019ind\u00e9pendante depuis 2007 sur toute la France, et principalement dans les environs de Val d\u2019Is\u00e8re.<\/strong><\/p><\/p>\n\n\n\n<p class=\"has-text-align-justify\"> Dipl\u00f4m\u00e9e Par Le Gouvernement, form\u00e9e \u00e0 l\u2019UPA 8 Paris Belleville, elle met son savoir-faire et sa cr\u00e9ativit\u00e9 au service de vos projets de constructions neuves et de r\u00e9novation. Implant\u00e9e \u00e0 Chamb\u00e9ry et forte d\u2019une exp\u00e9rience dans le d\u00e9partement de la Savoie, elle saura vous conseiller et vous guider tant sur les questions techniques qu\u2019esth\u00e9tiques inh\u00e9rentes \u00e0 la construction en montagne.<\/p>\n<\/div><\/div>\n\n\n","protected":false},"excerpt":{"rendered":"","protected":false},"author":1,"featured_media":0,"parent":0,"menu_order":0,"comment_status":"closed","ping_status":"closed","template":"","meta":[],"_links":{"self":[{"href":"https:\/\/beatricesornicle-architecte.fr\/index.php?rest_route=\/wp\/v2\/pages\/26"}],"collection":[{"href":"https:\/\/beatricesornicle-architecte.fr\/index.php?rest_route=\/wp\/v2\/pages"}],"about":[{"href":"https:\/\/beatricesornicle-architecte.fr\/index.php?rest_route=\/wp\/v2\/types\/page"}],"author":[{"embeddable":true,"href":"https:\/\/beatricesornicle-architecte.fr\/index.php?rest_route=\/wp\/v2\/users\/1"}],"replies":[{"embeddable":true,"href":"https:\/\/beatricesornicle-architecte.fr\/index.php?rest_route=%2Fwp%2Fv2%2Fcomments&post=26"}],"version-history":[{"count":33,"href":"https:\/\/beatricesornicle-architecte.fr\/index.php?rest_route=\/wp\/v2\/pages\/26\/revisions"}],"predecessor-version":[{"id":1391,"href":"https:\/\/beatricesornicle-architecte.fr\/index.php?rest_route=\/wp\/v2\/pages\/26\/revisions\/1391"}],"wp:attachment":[{"href":"https:\/\/beatricesornicle-architecte.fr\/index.php?rest_route=%2Fwp%2Fv2%2Fmedia&parent=26"}],"curies":[{"name":"wp","href":"https:\/\/api.w.org\/{rel}","templated":true}]}}